{"id":1876,"date":"2025-09-30T18:35:08","date_gmt":"2025-09-30T16:35:08","guid":{"rendered":"https:\/\/www.adler-montafon.com\/home\/"},"modified":"2026-08-22T10:10:08","modified_gmt":"2026-08-22T08:10:08","slug":"home","status":"publish","type":"page","link":"https:\/\/www.adler-montafon.com\/en\/","title":{"rendered":"Home"},"content":{"rendered":"\t\t<div data-elementor-type=\"wp-page\" data-elementor-id=\"1876\" class=\"elementor elementor-1876 elementor-14\" data-elementor-post-type=\"page\">\n\t\t\t\t<div class=\"elementor-element elementor-element-20dfcbf e-con-full e-flex e-con e-parent\" data-id=\"20dfcbf\" data-element_type=\"container\" data-e-type=\"container\" data-settings=\"{&quot;background_background&quot;:&quot;classic&quot;,&quot;animation&quot;:&quot;none&quot;}\">\n\t\t\t\t<\/div>\n\t\t<div class=\"elementor-element elementor-element-1fa167e e-flex e-con-boxed e-con e-parent\" data-id=\"1fa167e\" data-element_type=\"container\" data-e-type=\"container\">\n\t\t\t\t\t<div class=\"e-con-inner\">\n\t\t<div class=\"elementor-element elementor-element-283f93f e-con-full e-flex e-con e-child\" data-id=\"283f93f\" data-element_type=\"container\" data-e-type=\"container\">\n\t\t\t\t<div class=\"elementor-element elementor-element-db5bbca elementor-widget elementor-widget-heading\" data-id=\"db5bbca\" data-element_type=\"widget\" data-e-type=\"widget\" data-widget_type=\"heading.default\">\n\t\t\t\t\t<h1 class=\"elementor-heading-title elementor-size-default\">Wellness hotel in Montafon<\/h1>\t\t\t\t<\/div>\n\t\t\t\t<div class=\"elementor-element elementor-element-bd570f1 elementor-widget elementor-widget-heading\" data-id=\"bd570f1\" data-element_type=\"widget\" data-e-type=\"widget\" data-widget_type=\"heading.default\">\n\t\t\t\t\t<h3 class=\"elementor-heading-title elementor-size-default\">Enjoy a quiet break in our Relax &amp; Vitalhotel Adler, where hospitality and personal service await you.<\/h3>\t\t\t\t<\/div>\n\t\t\t\t<div class=\"elementor-element elementor-element-219a8bc elementor-widget elementor-widget-heading\" data-id=\"219a8bc\" data-element_type=\"widget\" data-e-type=\"widget\" data-widget_type=\"heading.default\">\n\t\t\t\t\t<h2 class=\"elementor-heading-title elementor-size-default\">What awaits you with us in Montafon?<\/h2>\t\t\t\t<\/div>\n\t\t\t\t<div class=\"elementor-element elementor-element-fea0fd8 elementor-widget elementor-widget-heading\" data-id=\"fea0fd8\" data-element_type=\"widget\" data-e-type=\"widget\" data-widget_type=\"heading.default\">\n\t\t\t\t\t<h3 class=\"elementor-heading-title elementor-size-default\">Relaxation and renewal for body, mind and soul<\/h3>\t\t\t\t<\/div>\n\t\t\t\t<div class=\"elementor-element elementor-element-9f36e1b elementor-widget elementor-widget-text-editor\" data-id=\"9f36e1b\" data-element_type=\"widget\" data-e-type=\"widget\" data-widget_type=\"text-editor.default\">\n\t\t\t\t\t\t\t\t\t<p>We have designed our &#8220;Montawell&#8221; wellness area and the &#8220;Montabell&#8221; Beauty Zone with a great deal of imagination and love. In our Montawell wellness oasis, you can escape from everyday stress. Our beauty experts in the Montabell beauty area will create your individual program in bright, inviting rooms.  <\/p>\n<p><strong>With us in beautiful Montafon you can let your soul dangle.<\/strong><\/p>\t\t\t\t\t\t\t\t<\/div>\n\t\t\t\t<\/div>\n\t\t<div class=\"elementor-element elementor-element-e02d607 e-con-full e-flex e-con e-child\" data-id=\"e02d607\" data-element_type=\"container\" data-e-type=\"container\">\n\t\t\t\t<div class=\"elementor-element elementor-element-f4ee69d elementor-widget-tablet__width-initial elementor-widget-mobile__width-inherit elementor-widget__width-initial elementor-position-top elementor-widget elementor-widget-image-box\" data-id=\"f4ee69d\" data-element_type=\"widget\" data-e-type=\"widget\" data-widget_type=\"image-box.default\">\n\t\t\t\t\t<div class=\"elementor-image-box-wrapper\"><figure class=\"elementor-image-box-img\"><a href=\"https:\/\/www.adler-montafon.com\/en\/rooms\/\" tabindex=\"-1\"><img fetchpriority=\"high\" decoding=\"async\" width=\"1920\" height=\"1280\" src=\"https:\/\/www.adler-montafon.com\/wp-content\/uploads\/2025\/11\/juniorsuite-zimmer-307-hotel-adler-st-anton-im-montafon.webp\" class=\"elementor-animation-grow attachment-full size-full wp-image-1863\" alt=\"Bright, modern hotel room with balcony.\" srcset=\"https:\/\/www.adler-montafon.com\/wp-content\/uploads\/2025\/11\/juniorsuite-zimmer-307-hotel-adler-st-anton-im-montafon.webp 1920w, https:\/\/www.adler-montafon.com\/wp-content\/uploads\/2025\/11\/juniorsuite-zimmer-307-hotel-adler-st-anton-im-montafon-300x200.webp 300w, https:\/\/www.adler-montafon.com\/wp-content\/uploads\/2025\/11\/juniorsuite-zimmer-307-hotel-adler-st-anton-im-montafon-1024x683.webp 1024w, https:\/\/www.adler-montafon.com\/wp-content\/uploads\/2025\/11\/juniorsuite-zimmer-307-hotel-adler-st-anton-im-montafon-768x512.webp 768w, https:\/\/www.adler-montafon.com\/wp-content\/uploads\/2025\/11\/juniorsuite-zimmer-307-hotel-adler-st-anton-im-montafon-1536x1024.webp 1536w\" sizes=\"(max-width: 1920px) 100vw, 1920px\" \/><\/a><\/figure><div class=\"elementor-image-box-content\"><h3 class=\"elementor-image-box-title\"><a href=\"https:\/\/www.adler-montafon.com\/en\/rooms\/\">Room with breakfast<\/a><\/h3><p class=\"elementor-image-box-description\">Enjoy a pleasant stay in our comfortable rooms, accompanied by a delicious breakfast that gives you the perfect start to the day.<\/p><\/div><\/div>\t\t\t\t<\/div>\n\t\t\t\t<div class=\"elementor-element elementor-element-ddc0f19 elementor-widget-tablet__width-initial elementor-widget-mobile__width-inherit elementor-widget__width-initial elementor-position-top elementor-widget elementor-widget-image-box\" data-id=\"ddc0f19\" data-element_type=\"widget\" data-e-type=\"widget\" data-widget_type=\"image-box.default\">\n\t\t\t\t\t<div class=\"elementor-image-box-wrapper\"><figure class=\"elementor-image-box-img\"><a href=\"https:\/\/www.adler-montafon.com\/en\/wellness\/\" tabindex=\"-1\"><img decoding=\"async\" width=\"1920\" height=\"1280\" src=\"https:\/\/www.adler-montafon.com\/wp-content\/uploads\/2025\/11\/wellness-mit-kamin-hotel-adler-st-anton-im-montafon.webp\" class=\"elementor-animation-grow attachment-full size-full wp-image-1878\" alt=\"Wellness with fireplace\" srcset=\"https:\/\/www.adler-montafon.com\/wp-content\/uploads\/2025\/11\/wellness-mit-kamin-hotel-adler-st-anton-im-montafon.webp 1920w, https:\/\/www.adler-montafon.com\/wp-content\/uploads\/2025\/11\/wellness-mit-kamin-hotel-adler-st-anton-im-montafon-300x200.webp 300w, https:\/\/www.adler-montafon.com\/wp-content\/uploads\/2025\/11\/wellness-mit-kamin-hotel-adler-st-anton-im-montafon-1024x683.webp 1024w, https:\/\/www.adler-montafon.com\/wp-content\/uploads\/2025\/11\/wellness-mit-kamin-hotel-adler-st-anton-im-montafon-768x512.webp 768w, https:\/\/www.adler-montafon.com\/wp-content\/uploads\/2025\/11\/wellness-mit-kamin-hotel-adler-st-anton-im-montafon-1536x1024.webp 1536w\" sizes=\"(max-width: 1920px) 100vw, 1920px\" \/><\/a><\/figure><div class=\"elementor-image-box-content\"><h3 class=\"elementor-image-box-title\"><a href=\"https:\/\/www.adler-montafon.com\/en\/wellness\/\">Wellness offers<\/a><\/h3><p class=\"elementor-image-box-description\">Relax with our various wellness offers, which aim to regenerate body and mind and offer you a break from everyday life.<\/p><\/div><\/div>\t\t\t\t<\/div>\n\t\t\t\t<div class=\"elementor-element elementor-element-2dee7ee elementor-widget-tablet__width-initial elementor-widget-mobile__width-inherit elementor-widget__width-initial elementor-position-top elementor-widget elementor-widget-image-box\" data-id=\"2dee7ee\" data-element_type=\"widget\" data-e-type=\"widget\" data-widget_type=\"image-box.default\">\n\t\t\t\t\t<div class=\"elementor-image-box-wrapper\"><figure class=\"elementor-image-box-img\"><a href=\"https:\/\/www.adler-montafon.com\/angebote\/day-spa-packages\/\" tabindex=\"-1\"><img decoding=\"async\" width=\"1920\" height=\"1281\" src=\"https:\/\/www.adler-montafon.com\/wp-content\/uploads\/2025\/11\/beauty-nail-studio.webp\" class=\"elementor-animation-grow attachment-full size-full wp-image-1879\" alt=\"Beauty Nail\" srcset=\"https:\/\/www.adler-montafon.com\/wp-content\/uploads\/2025\/11\/beauty-nail-studio.webp 1920w, https:\/\/www.adler-montafon.com\/wp-content\/uploads\/2025\/11\/beauty-nail-studio-300x200.webp 300w, https:\/\/www.adler-montafon.com\/wp-content\/uploads\/2025\/11\/beauty-nail-studio-1024x683.webp 1024w, https:\/\/www.adler-montafon.com\/wp-content\/uploads\/2025\/11\/beauty-nail-studio-768x512.webp 768w, https:\/\/www.adler-montafon.com\/wp-content\/uploads\/2025\/11\/beauty-nail-studio-1536x1025.webp 1536w\" sizes=\"(max-width: 1920px) 100vw, 1920px\" \/><\/a><\/figure><div class=\"elementor-image-box-content\"><h3 class=\"elementor-image-box-title\"><a href=\"https:\/\/www.adler-montafon.com\/angebote\/day-spa-packages\/\">Beauty treatments<\/a><\/h3><p class=\"elementor-image-box-description\">Experience our pampering spa treatments, specially developed to give you relaxation and revitalizing moments.<\/p><\/div><\/div>\t\t\t\t<\/div>\n\t\t\t\t<\/div>\n\t\t\t\t\t<\/div>\n\t\t\t\t<\/div>\n\t\t<div class=\"elementor-element elementor-element-8e48109 e-flex e-con-boxed e-con e-parent\" data-id=\"8e48109\" data-element_type=\"container\" data-e-type=\"container\" data-settings=\"{&quot;background_background&quot;:&quot;classic&quot;}\">\n\t\t\t\t\t<div class=\"e-con-inner\">\n\t\t<div class=\"elementor-element elementor-element-f33d220 e-flex e-con-boxed e-con e-child\" data-id=\"f33d220\" data-element_type=\"container\" data-e-type=\"container\">\n\t\t\t\t\t<div class=\"e-con-inner\">\n\t\t\t\t<div class=\"elementor-element elementor-element-29e9ed3 elementor-cta--mobile-layout-image-above elementor-cta--skin-classic elementor-animated-content elementor-widget elementor-widget-call-to-action\" data-id=\"29e9ed3\" data-element_type=\"widget\" data-e-type=\"widget\" data-widget_type=\"call-to-action.default\">\n\t\t\t\t\t\t\t<div class=\"elementor-cta\">\n\t\t\t\t\t<div class=\"elementor-cta__bg-wrapper\">\n\t\t\t\t<div class=\"elementor-cta__bg elementor-bg\" style=\"background-image: url(https:\/\/www.adler-montafon.com\/wp-content\/uploads\/2025\/11\/wellness-ruheraum-hotel-adler-st-anton-im-montafon.webp);\" role=\"img\" aria-label=\"Wellness relaxation room\"><\/div>\n\t\t\t\t<div class=\"elementor-cta__bg-overlay\"><\/div>\n\t\t\t<\/div>\n\t\t\t\t\t\t\t<div class=\"elementor-cta__content\">\n\t\t\t\t\n\t\t\t\t\t\t\t\t\t<h2 class=\"elementor-cta__title elementor-cta__content-item elementor-content-item\">\n\t\t\t\t\t\tBenefit from our offers now!\t\t\t\t\t<\/h2>\n\t\t\t\t\n\t\t\t\t\t\t\t\t\t<div class=\"elementor-cta__description elementor-cta__content-item elementor-content-item\">\n\t\t\t\t\t\tTake the opportunity to find out about our special offers. Don't hesitate and plan your stay today. \t\t\t\t\t<\/div>\n\t\t\t\t\n\t\t\t\t\t\t\t\t\t<div class=\"elementor-cta__button-wrapper elementor-cta__content-item elementor-content-item \">\n\t\t\t\t\t<a class=\"elementor-cta__button elementor-button elementor-size-md\" href=\"https:\/\/www.adler-montafon.com\/angebote\/pauschalen\/\">\n\t\t\t\t\t\tTo the offers\t\t\t\t\t<\/a>\n\t\t\t\t\t<\/div>\n\t\t\t\t\t\t\t<\/div>\n\t\t\t\t\t\t<\/div>\n\t\t\t\t\t\t<\/div>\n\t\t\t\t\t<\/div>\n\t\t\t\t<\/div>\n\t\t<div class=\"elementor-element elementor-element-75f2a6d e-con-full e-flex e-con e-child\" data-id=\"75f2a6d\" data-element_type=\"container\" data-e-type=\"container\">\n\t\t\t\t<div class=\"elementor-element elementor-element-e11e983 elementor-widget elementor-widget-image\" data-id=\"e11e983\" data-element_type=\"widget\" data-e-type=\"widget\" data-widget_type=\"image.default\">\n\t\t\t\t\t\t\t\t\t\t\t\t\t\t\t\t<a href=\"https:\/\/www.adler-montafon.com\/wp-content\/uploads\/2025\/12\/finnische-sauna-hotel-adler-montafon.webp\" data-elementor-open-lightbox=\"yes\" data-elementor-lightbox-title=\"Finnish sauna\" data-e-action-hash=\"#elementor-action%3Aaction%3Dlightbox%26settings%3DeyJpZCI6MTg4MywidXJsIjoiaHR0cHM6XC9cL3d3dy5hZGxlci1tb250YWZvbi5jb21cL3dwLWNvbnRlbnRcL3VwbG9hZHNcLzIwMjVcLzEyXC9maW5uaXNjaGUtc2F1bmEtaG90ZWwtYWRsZXItbW9udGFmb24ud2VicCJ9\">\n\t\t\t\t\t\t\t<img loading=\"lazy\" decoding=\"async\" width=\"800\" height=\"534\" src=\"https:\/\/www.adler-montafon.com\/wp-content\/uploads\/2025\/12\/finnische-sauna-hotel-adler-montafon-1024x683.webp\" class=\"attachment-large size-large wp-image-1883\" alt=\"Bright, modern Finnish sauna with plants.\" srcset=\"https:\/\/www.adler-montafon.com\/wp-content\/uploads\/2025\/12\/finnische-sauna-hotel-adler-montafon-1024x683.webp 1024w, https:\/\/www.adler-montafon.com\/wp-content\/uploads\/2025\/12\/finnische-sauna-hotel-adler-montafon-300x200.webp 300w, https:\/\/www.adler-montafon.com\/wp-content\/uploads\/2025\/12\/finnische-sauna-hotel-adler-montafon-768x512.webp 768w, https:\/\/www.adler-montafon.com\/wp-content\/uploads\/2025\/12\/finnische-sauna-hotel-adler-montafon-1536x1024.webp 1536w, https:\/\/www.adler-montafon.com\/wp-content\/uploads\/2025\/12\/finnische-sauna-hotel-adler-montafon.webp 1920w\" sizes=\"(max-width: 800px) 100vw, 800px\" \/>\t\t\t\t\t\t\t\t<\/a>\n\t\t\t\t\t\t\t\t\t\t\t\t\t\t\t<\/div>\n\t\t\t\t<div class=\"elementor-element elementor-element-745619c elementor-widget elementor-widget-image\" data-id=\"745619c\" data-element_type=\"widget\" data-e-type=\"widget\" data-widget_type=\"image.default\">\n\t\t\t\t\t\t\t\t\t\t\t\t\t\t\t\t<a href=\"https:\/\/www.adler-montafon.com\/wp-content\/uploads\/2025\/11\/wellness-mit-kamin.webp\" data-elementor-open-lightbox=\"yes\" data-elementor-lightbox-title=\"Wellness with fireplace\" data-e-action-hash=\"#elementor-action%3Aaction%3Dlightbox%26settings%3DeyJpZCI6MTg3MiwidXJsIjoiaHR0cHM6XC9cL3d3dy5hZGxlci1tb250YWZvbi5jb21cL3dwLWNvbnRlbnRcL3VwbG9hZHNcLzIwMjVcLzExXC93ZWxsbmVzcy1taXQta2FtaW4ud2VicCJ9\">\n\t\t\t\t\t\t\t<img loading=\"lazy\" decoding=\"async\" width=\"800\" height=\"534\" src=\"https:\/\/www.adler-montafon.com\/wp-content\/uploads\/2025\/11\/wellness-mit-kamin-1024x683.webp\" class=\"attachment-large size-large wp-image-1872\" alt=\"Cozy relaxation room with fireplace and plants\" srcset=\"https:\/\/www.adler-montafon.com\/wp-content\/uploads\/2025\/11\/wellness-mit-kamin-1024x683.webp 1024w, https:\/\/www.adler-montafon.com\/wp-content\/uploads\/2025\/11\/wellness-mit-kamin-300x200.webp 300w, https:\/\/www.adler-montafon.com\/wp-content\/uploads\/2025\/11\/wellness-mit-kamin-768x512.webp 768w, https:\/\/www.adler-montafon.com\/wp-content\/uploads\/2025\/11\/wellness-mit-kamin-1536x1024.webp 1536w, https:\/\/www.adler-montafon.com\/wp-content\/uploads\/2025\/11\/wellness-mit-kamin.webp 1920w\" sizes=\"(max-width: 800px) 100vw, 800px\" \/>\t\t\t\t\t\t\t\t<\/a>\n\t\t\t\t\t\t\t\t\t\t\t\t\t\t\t<\/div>\n\t\t\t\t<\/div>\n\t\t<div class=\"elementor-element elementor-element-6b05e5f e-con-full e-flex e-con e-child\" data-id=\"6b05e5f\" data-element_type=\"container\" data-e-type=\"container\">\n\t\t\t\t<div class=\"elementor-element elementor-element-b2452f5 elementor-widget elementor-widget-image\" data-id=\"b2452f5\" data-element_type=\"widget\" data-e-type=\"widget\" data-widget_type=\"image.default\">\n\t\t\t\t\t\t\t\t\t\t\t\t\t\t\t\t<a href=\"https:\/\/www.adler-montafon.com\/wp-content\/uploads\/2025\/12\/ruheraum3-wellness-hotel-adler-montafon.webp\" data-elementor-open-lightbox=\"yes\" data-elementor-lightbox-title=\"Relaxation room with waterbeds\" data-e-action-hash=\"#elementor-action%3Aaction%3Dlightbox%26settings%3DeyJpZCI6MTg4NCwidXJsIjoiaHR0cHM6XC9cL3d3dy5hZGxlci1tb250YWZvbi5jb21cL3dwLWNvbnRlbnRcL3VwbG9hZHNcLzIwMjVcLzEyXC9ydWhlcmF1bTMtd2VsbG5lc3MtaG90ZWwtYWRsZXItbW9udGFmb24ud2VicCJ9\">\n\t\t\t\t\t\t\t<img loading=\"lazy\" decoding=\"async\" width=\"800\" height=\"534\" src=\"https:\/\/www.adler-montafon.com\/wp-content\/uploads\/2025\/12\/ruheraum3-wellness-hotel-adler-montafon-1024x683.webp\" class=\"attachment-large size-large wp-image-1884\" alt=\"Relaxation room with waterbeds\" srcset=\"https:\/\/www.adler-montafon.com\/wp-content\/uploads\/2025\/12\/ruheraum3-wellness-hotel-adler-montafon-1024x683.webp 1024w, https:\/\/www.adler-montafon.com\/wp-content\/uploads\/2025\/12\/ruheraum3-wellness-hotel-adler-montafon-300x200.webp 300w, https:\/\/www.adler-montafon.com\/wp-content\/uploads\/2025\/12\/ruheraum3-wellness-hotel-adler-montafon-768x512.webp 768w, https:\/\/www.adler-montafon.com\/wp-content\/uploads\/2025\/12\/ruheraum3-wellness-hotel-adler-montafon-1536x1024.webp 1536w, https:\/\/www.adler-montafon.com\/wp-content\/uploads\/2025\/12\/ruheraum3-wellness-hotel-adler-montafon.webp 1920w\" sizes=\"(max-width: 800px) 100vw, 800px\" \/>\t\t\t\t\t\t\t\t<\/a>\n\t\t\t\t\t\t\t\t\t\t\t\t\t\t\t<\/div>\n\t\t\t\t<div class=\"elementor-element elementor-element-45f93b3 elementor-widget elementor-widget-image\" data-id=\"45f93b3\" data-element_type=\"widget\" data-e-type=\"widget\" data-widget_type=\"image.default\">\n\t\t\t\t\t\t\t\t\t\t\t\t\t\t\t\t<a href=\"https:\/\/www.adler-montafon.com\/wp-content\/uploads\/2025\/12\/ruhezone2-hotel-adler-montafon.webp\" data-elementor-open-lightbox=\"yes\" data-elementor-lightbox-title=\"Relaxation zone in the wellness area\" data-e-action-hash=\"#elementor-action%3Aaction%3Dlightbox%26settings%3DeyJpZCI6MTg4NSwidXJsIjoiaHR0cHM6XC9cL3d3dy5hZGxlci1tb250YWZvbi5jb21cL3dwLWNvbnRlbnRcL3VwbG9hZHNcLzIwMjVcLzEyXC9ydWhlem9uZTItaG90ZWwtYWRsZXItbW9udGFmb24ud2VicCJ9\">\n\t\t\t\t\t\t\t<img loading=\"lazy\" decoding=\"async\" width=\"800\" height=\"534\" src=\"https:\/\/www.adler-montafon.com\/wp-content\/uploads\/2025\/12\/ruhezone2-hotel-adler-montafon-1024x683.webp\" class=\"attachment-large size-large wp-image-1885\" alt=\"Relaxation zone in the wellness area\" srcset=\"https:\/\/www.adler-montafon.com\/wp-content\/uploads\/2025\/12\/ruhezone2-hotel-adler-montafon-1024x683.webp 1024w, https:\/\/www.adler-montafon.com\/wp-content\/uploads\/2025\/12\/ruhezone2-hotel-adler-montafon-300x200.webp 300w, https:\/\/www.adler-montafon.com\/wp-content\/uploads\/2025\/12\/ruhezone2-hotel-adler-montafon-768x512.webp 768w, https:\/\/www.adler-montafon.com\/wp-content\/uploads\/2025\/12\/ruhezone2-hotel-adler-montafon-1536x1024.webp 1536w, https:\/\/www.adler-montafon.com\/wp-content\/uploads\/2025\/12\/ruhezone2-hotel-adler-montafon.webp 1920w\" sizes=\"(max-width: 800px) 100vw, 800px\" \/>\t\t\t\t\t\t\t\t<\/a>\n\t\t\t\t\t\t\t\t\t\t\t\t\t\t\t<\/div>\n\t\t\t\t<\/div>\n\t\t\t\t\t<\/div>\n\t\t\t\t<\/div>\n\t\t<div class=\"elementor-element elementor-element-2bb4083 e-flex e-con-boxed e-con e-parent\" data-id=\"2bb4083\" data-element_type=\"container\" data-e-type=\"container\" data-settings=\"{&quot;background_background&quot;:&quot;classic&quot;}\">\n\t\t\t\t\t<div class=\"e-con-inner\">\n\t\t\t\t<div class=\"elementor-element elementor-element-d953af7 elementor-widget elementor-widget-heading\" data-id=\"d953af7\" data-element_type=\"widget\" data-e-type=\"widget\" data-widget_type=\"heading.default\">\n\t\t\t\t\t<h2 class=\"elementor-heading-title elementor-size-default\">What do our guests say?<\/h2>\t\t\t\t<\/div>\n\t\t\t\t<div class=\"elementor-element elementor-element-6b822d2 elementor-widget elementor-widget-google_review_slider_widget\" data-id=\"6b822d2\" data-element_type=\"widget\" data-e-type=\"widget\" data-widget_type=\"google_review_slider_widget.default\">\n\t\t\t\t<div class=\"elementor-widget-container\">\n\t\t\t\t\t\r\n        <div class=\"ers-review-header\">\r\n            \r\n            <svg width=\"24\" height=\"24\" viewBox=\"0 0 48 48\">\r\n                <path fill=\"#EA4335\" d=\"M24 9.5c3.5 0 6.6 1.2 9 3.2l6.7-6.7C34.7 2.4 29.7 0 24 0 14.6 0 6.5 5.3 2.6 13l7.9 6.1C12.5 12 17.7 9.5 24 9.5z\"\/>\r\n                <path fill=\"#4285F4\" d=\"M46.5 24.5c0-1.7-.2-3.4-.5-5H24v9.5h12.8c-.6 3-2.3 5.6-4.8 7.4l7.4 5.7c4.4-4.1 7.1-10.2 7.1-17.6z\"\/>\r\n                <path fill=\"#FBBC05\" d=\"M10.5 28.1c-.5-1.5-.8-3-.8-4.6s.3-3.2.8-4.6L2.6 13C.9 16.4 0 20.1 0 24c0 3.9.9 7.6 2.6 11l7.9-6.9z\"\/>\r\n                <path fill=\"#34A853\" d=\"M24 48c6.5 0 12-2.1 16.1-5.7l-7.4-5.7c-2.1 1.4-4.9 2.3-8.7 2.3-6.3 0-11.5-3.5-13.9-8.6l-7.9 6.9C6.5 42.7 14.6 48 24 48z\"\/>\r\n            <\/svg>            <span class=\"ers-rating-score\">4.7 \u2605 (552 Bewertungen)<\/span>\r\n        <\/div>\r\n\r\n        <div class=\"ers-slider\" data-nosnippet>\r\n                            <div class=\"ers-slide\">\r\n\r\n                    <div class=\"ers-author-wrap\">\r\n                        <img decoding=\"async\" src=\"https:\/\/lh3.googleusercontent.com\/a\/ACg8ocJCAyqyVlgE2sRie18_1_ccDUkHueyJEropifScvuck1ylcoQ=s128-c0x00000000-cc-rp-mo\" alt=\"Profilbild\">\r\n                        <strong>Jasmin Jungkind<\/strong>\r\n                        <span class=\"ers-date\">27.07.2026<\/span>\r\n                    <\/div>\r\n\r\n                    <div class=\"ers-stars\">\r\n                        <svg width=\"2rem\" height=\"2rem\" viewBox=\"0 0 24 24\"><path fill=\"#551121\" d=\"M12 .587l3.668 7.568L24 9.748l-6 5.848 1.416 8.266L12 18.896l-7.416 3.966L6 15.596 0 9.748l8.332-1.593z\"\/><\/svg><svg width=\"2rem\" height=\"2rem\" viewBox=\"0 0 24 24\"><path fill=\"#551121\" d=\"M12 .587l3.668 7.568L24 9.748l-6 5.848 1.416 8.266L12 18.896l-7.416 3.966L6 15.596 0 9.748l8.332-1.593z\"\/><\/svg><svg width=\"2rem\" height=\"2rem\" viewBox=\"0 0 24 24\"><path fill=\"#551121\" d=\"M12 .587l3.668 7.568L24 9.748l-6 5.848 1.416 8.266L12 18.896l-7.416 3.966L6 15.596 0 9.748l8.332-1.593z\"\/><\/svg><svg width=\"2rem\" height=\"2rem\" viewBox=\"0 0 24 24\"><path fill=\"#551121\" d=\"M12 .587l3.668 7.568L24 9.748l-6 5.848 1.416 8.266L12 18.896l-7.416 3.966L6 15.596 0 9.748l8.332-1.593z\"\/><\/svg><svg width=\"2rem\" height=\"2rem\" viewBox=\"0 0 24 24\"><path fill=\"#551121\" d=\"M12 .587l3.668 7.568L24 9.748l-6 5.848 1.416 8.266L12 18.896l-7.416 3.966L6 15.596 0 9.748l8.332-1.593z\"\/><\/svg>                    <\/div>\r\n\r\n                    <p class=\"ers-text\">\"Wir wurden auch sp\u00e4t am Abend pers\u00f6nlich empfangen und sehr freundlich begr\u00fc\u00dft. Das Zimmer (Juniorsuite) war sehr sauber, hell und sch\u00f6n eingerichtet, das Bett sehr bequem. Auch der Wellnessbereich ist sehr gepflegt und sah neuwertig aus. Es stehen verschiedene Getr\u00e4nkem\u00f6glichkeiten und Obst zur Verf\u00fcgung. Im Ruhebereich gibt es unter anderem Wasserbetten zum Entspannen mit Blick auf einen kleinen k\u00fcnstlichen Wasserfall. Es steht besteht die Auswahl zwischen einem Saunarium, einer Sauna, einem Dampfbad und einer Infrarotkabine. Im Kosmetikbereich kann man sich verschiedenste Behandlungen dazubuchen. Die Auswahl beim Fr\u00fchst\u00fcck war sehr umfangreich. Alles in allem war der Aufenthalt sehr angenehm und entspannend. Wir werden auf jeden Fall wieder kommen\"<\/p>\r\n\r\n                <\/div>\r\n                            <div class=\"ers-slide\">\r\n\r\n                    <div class=\"ers-author-wrap\">\r\n                        <img decoding=\"async\" src=\"https:\/\/lh3.googleusercontent.com\/a\/ACg8ocIvoXIP5cuIX9StKlOkiFyk5KfdBZrl-WWesSR2oKNfUhqcXA=s128-c0x00000000-cc-rp-mo-ba3\" alt=\"Profilbild\">\r\n                        <strong>J. Maier<\/strong>\r\n                        <span class=\"ers-date\">19.05.2026<\/span>\r\n                    <\/div>\r\n\r\n                    <div class=\"ers-stars\">\r\n                        <svg width=\"2rem\" height=\"2rem\" viewBox=\"0 0 24 24\"><path fill=\"#551121\" d=\"M12 .587l3.668 7.568L24 9.748l-6 5.848 1.416 8.266L12 18.896l-7.416 3.966L6 15.596 0 9.748l8.332-1.593z\"\/><\/svg><svg width=\"2rem\" height=\"2rem\" viewBox=\"0 0 24 24\"><path fill=\"#551121\" d=\"M12 .587l3.668 7.568L24 9.748l-6 5.848 1.416 8.266L12 18.896l-7.416 3.966L6 15.596 0 9.748l8.332-1.593z\"\/><\/svg><svg width=\"2rem\" height=\"2rem\" viewBox=\"0 0 24 24\"><path fill=\"#551121\" d=\"M12 .587l3.668 7.568L24 9.748l-6 5.848 1.416 8.266L12 18.896l-7.416 3.966L6 15.596 0 9.748l8.332-1.593z\"\/><\/svg><svg width=\"2rem\" height=\"2rem\" viewBox=\"0 0 24 24\"><path fill=\"#551121\" d=\"M12 .587l3.668 7.568L24 9.748l-6 5.848 1.416 8.266L12 18.896l-7.416 3.966L6 15.596 0 9.748l8.332-1.593z\"\/><\/svg><svg width=\"2rem\" height=\"2rem\" viewBox=\"0 0 24 24\"><path fill=\"#551121\" d=\"M12 .587l3.668 7.568L24 9.748l-6 5.848 1.416 8.266L12 18.896l-7.416 3.966L6 15.596 0 9.748l8.332-1.593z\"\/><\/svg>                    <\/div>\r\n\r\n                    <p class=\"ers-text\">\"Ich war mit Freundinnen beim Day Spa im Hotel Adler und wir waren sehr zufrieden mit dem Angebot. Wir haben beide Saunen und das Dampfbad sowie den gem\u00fctlichen Ruheraum (inkl. Au\u00dfenbereich) in Anspruch genommen.\nToll fand ich die Station mit Tee, Wasser und Obst.\n\nDa nicht so viel los war, fanden wir den Aufenthalt sehr angenehm. Das Preis-Leistungs-Verh\u00e4ltnis ist sehr gut.\"<\/p>\r\n\r\n                <\/div>\r\n                            <div class=\"ers-slide\">\r\n\r\n                    <div class=\"ers-author-wrap\">\r\n                        <img decoding=\"async\" src=\"https:\/\/lh3.googleusercontent.com\/a\/ACg8ocJNd6P4-EHoMhj49rCm5OzIwk97LG2ju6xv2DsT1Q2wc2-2tA=s128-c0x00000000-cc-rp-mo\" alt=\"Profilbild\">\r\n                        <strong>Helmut Schwab<\/strong>\r\n                        <span class=\"ers-date\">10.03.2026<\/span>\r\n                    <\/div>\r\n\r\n                    <div class=\"ers-stars\">\r\n                        <svg width=\"2rem\" height=\"2rem\" viewBox=\"0 0 24 24\"><path fill=\"#551121\" d=\"M12 .587l3.668 7.568L24 9.748l-6 5.848 1.416 8.266L12 18.896l-7.416 3.966L6 15.596 0 9.748l8.332-1.593z\"\/><\/svg><svg width=\"2rem\" height=\"2rem\" viewBox=\"0 0 24 24\"><path fill=\"#551121\" d=\"M12 .587l3.668 7.568L24 9.748l-6 5.848 1.416 8.266L12 18.896l-7.416 3.966L6 15.596 0 9.748l8.332-1.593z\"\/><\/svg><svg width=\"2rem\" height=\"2rem\" viewBox=\"0 0 24 24\"><path fill=\"#551121\" d=\"M12 .587l3.668 7.568L24 9.748l-6 5.848 1.416 8.266L12 18.896l-7.416 3.966L6 15.596 0 9.748l8.332-1.593z\"\/><\/svg><svg width=\"2rem\" height=\"2rem\" viewBox=\"0 0 24 24\"><path fill=\"#551121\" d=\"M12 .587l3.668 7.568L24 9.748l-6 5.848 1.416 8.266L12 18.896l-7.416 3.966L6 15.596 0 9.748l8.332-1.593z\"\/><\/svg><svg width=\"2rem\" height=\"2rem\" viewBox=\"0 0 24 24\"><path fill=\"#551121\" d=\"M12 .587l3.668 7.568L24 9.748l-6 5.848 1.416 8.266L12 18.896l-7.416 3.966L6 15.596 0 9.748l8.332-1.593z\"\/><\/svg>                    <\/div>\r\n\r\n                    <p class=\"ers-text\">\"Nachdem wir im Sommer schon einen kurzen Wanderurlaub im Hotel Adler verbracht haben wollten wir diesen Winter auch unseren Skiurlaub hier verbringen. Wir waren wieder sehr angetan von der Freundlichkeit im Hotel. Die Zimmer sind sehr komfortabel und ruhig. Die Wellness ist sehr geschmackvoll gestaltet und ein offenes Feuer im Ruheraum bekommt man nicht \u00fcberall. Das Restaurant tut sein \u00fcbriges! Wir waren rundherum zufrieden. Die Lage direkt gegen\u00fcber dem S-Bahnhof ist f\u00fcr Skifahrer nicht zu toppen.\"<\/p>\r\n\r\n                <\/div>\r\n                            <div class=\"ers-slide\">\r\n\r\n                    <div class=\"ers-author-wrap\">\r\n                        <img decoding=\"async\" src=\"https:\/\/lh3.googleusercontent.com\/a-\/ALV-UjXevd4ToHiYZaK4Cf-aLPZVodxoUCEvdHveVx1_vKSRXPBhMlo=s128-c0x00000000-cc-rp-mo-ba4\" alt=\"Profilbild\">\r\n                        <strong>Eveline steiner-haechler<\/strong>\r\n                        <span class=\"ers-date\">01.03.2026<\/span>\r\n                    <\/div>\r\n\r\n                    <div class=\"ers-stars\">\r\n                        <svg width=\"2rem\" height=\"2rem\" viewBox=\"0 0 24 24\"><path fill=\"#551121\" d=\"M12 .587l3.668 7.568L24 9.748l-6 5.848 1.416 8.266L12 18.896l-7.416 3.966L6 15.596 0 9.748l8.332-1.593z\"\/><\/svg><svg width=\"2rem\" height=\"2rem\" viewBox=\"0 0 24 24\"><path fill=\"#551121\" d=\"M12 .587l3.668 7.568L24 9.748l-6 5.848 1.416 8.266L12 18.896l-7.416 3.966L6 15.596 0 9.748l8.332-1.593z\"\/><\/svg><svg width=\"2rem\" height=\"2rem\" viewBox=\"0 0 24 24\"><path fill=\"#551121\" d=\"M12 .587l3.668 7.568L24 9.748l-6 5.848 1.416 8.266L12 18.896l-7.416 3.966L6 15.596 0 9.748l8.332-1.593z\"\/><\/svg><svg width=\"2rem\" height=\"2rem\" viewBox=\"0 0 24 24\"><path fill=\"#551121\" d=\"M12 .587l3.668 7.568L24 9.748l-6 5.848 1.416 8.266L12 18.896l-7.416 3.966L6 15.596 0 9.748l8.332-1.593z\"\/><\/svg><svg width=\"2rem\" height=\"2rem\" viewBox=\"0 0 24 24\"><path fill=\"#551121\" d=\"M12 .587l3.668 7.568L24 9.748l-6 5.848 1.416 8.266L12 18.896l-7.416 3.966L6 15.596 0 9.748l8.332-1.593z\"\/><\/svg>                    <\/div>\r\n\r\n                    <p class=\"ers-text\">\"Sehr nette und freundliche Bedienung.\nDas Zimmer ist gross und ordentlich.\nDas Fr\u00fchst\u00fccks Buffet ausgezeichnet\nDie Halbpension mit Vorspeise, Suppe, Salat Buffet, Hauptspeise und Nachtisch. Die verschiedenen G\u00e4nge sind hervorragend und nach volont\u00e9.\nVis \u00e0 vis vom Hotel gibt es ein Bus oder Zug das einem an den Skiort f\u00e4hrt ohne das Auto zu nutzen.\nDie Ambiance im Hotel ist sehr angenehm und Famil\u00e4r.\nDer Saunabereich ist ebenfalls gepflegt und sehr gem\u00fctlich.\nHerzlichen Dank f\u00fcr den sch\u00f6nen Aufenthalt\"<\/p>\r\n\r\n                <\/div>\r\n                            <div class=\"ers-slide\">\r\n\r\n                    <div class=\"ers-author-wrap\">\r\n                        <img decoding=\"async\" src=\"https:\/\/lh3.googleusercontent.com\/a\/ACg8ocKGb1N-mGEG_ns6tezcD3BTH2GdoaGkyo__lWid57yXGLCbzA=s128-c0x00000000-cc-rp-mo\" alt=\"Profilbild\">\r\n                        <strong>Tim<\/strong>\r\n                        <span class=\"ers-date\">02.02.2026<\/span>\r\n                    <\/div>\r\n\r\n                    <div class=\"ers-stars\">\r\n                        <svg width=\"2rem\" height=\"2rem\" viewBox=\"0 0 24 24\"><path fill=\"#551121\" d=\"M12 .587l3.668 7.568L24 9.748l-6 5.848 1.416 8.266L12 18.896l-7.416 3.966L6 15.596 0 9.748l8.332-1.593z\"\/><\/svg><svg width=\"2rem\" height=\"2rem\" viewBox=\"0 0 24 24\"><path fill=\"#551121\" d=\"M12 .587l3.668 7.568L24 9.748l-6 5.848 1.416 8.266L12 18.896l-7.416 3.966L6 15.596 0 9.748l8.332-1.593z\"\/><\/svg><svg width=\"2rem\" height=\"2rem\" viewBox=\"0 0 24 24\"><path fill=\"#551121\" d=\"M12 .587l3.668 7.568L24 9.748l-6 5.848 1.416 8.266L12 18.896l-7.416 3.966L6 15.596 0 9.748l8.332-1.593z\"\/><\/svg><svg width=\"2rem\" height=\"2rem\" viewBox=\"0 0 24 24\"><path fill=\"#551121\" d=\"M12 .587l3.668 7.568L24 9.748l-6 5.848 1.416 8.266L12 18.896l-7.416 3.966L6 15.596 0 9.748l8.332-1.593z\"\/><\/svg><svg width=\"2rem\" height=\"2rem\" viewBox=\"0 0 24 24\"><path fill=\"#551121\" d=\"M12 .587l3.668 7.568L24 9.748l-6 5.848 1.416 8.266L12 18.896l-7.416 3.966L6 15.596 0 9.748l8.332-1.593z\"\/><\/svg>                    <\/div>\r\n\r\n                    <p class=\"ers-text\">\"Wir hatten einen rundum wunderbaren Aufenthalt in diesem Hotel und k\u00f6nnen es uneingeschr\u00e4nkt weiterempfehlen. Besonders hervorzuheben ist das ausgesprochen freundliche und zuvorkommende Personal, das jederzeit bem\u00fcht war, alle W\u00fcnsche zu erf\u00fcllen und f\u00fcr eine angenehme Atmosph\u00e4re zu sorgen.\nDas Fr\u00fchst\u00fccksbuffet war sehr reichhaltig und lie\u00df keine W\u00fcnsche offen \u2013 von frischen Backwaren bis hin zu herzhaften und s\u00fc\u00dfen Speisen war alles dabei. Auch das Abendmen\u00fc war ein echtes Highlight: abwechslungsreich, liebevoll zubereitet und ausgesprochen lecker.\nDas Hotel ist sehr familienfreundlich, sodass sich sowohl Erwachsene als auch Kinder hier wohlf\u00fchlen. Trotz der viel befahrenen Stra\u00dfe direkt vor dem Hotel sind die Zimmer angenehm ruhig, was f\u00fcr einen erholsamen Schlaf sorgt.\nEin weiterer Pluspunkt ist die gute Anbindung mit dem Zug, die eine bequeme An- und Abreise erm\u00f6glicht. Wer Entspannung sucht, kommt im gro\u00dfz\u00fcgigen Spa-Bereich mit Schwimmbad voll auf seine Kosten. Zudem stehen ausreichend Parkpl\u00e4tze zur Verf\u00fcgung, was die Anreise mit dem Auto unkompliziert macht.\nInsgesamt ein tolles Hotel mit hohem Wohlf\u00fchlfaktor \u2013 wir kommen sehr gerne wieder!\"<\/p>\r\n\r\n                <\/div>\r\n                    <\/div>\r\n\r\n        <script>\r\n            jQuery(document).ready(function($){\r\n                $('.ers-slider').slick({\r\n                    autoplay: true,\r\n                    autoplaySpeed: 5000,\r\n                    slidesToShow: 1,\r\n                    arrows: false,\r\n                    dots: true,      \/\/ \u2190 Punkte unterhalb\r\n                    centerMode: false,\r\n                });\r\n            });\r\n        <\/script>\r\n\r\n        \t\t\t\t<\/div>\n\t\t\t\t<\/div>\n\t\t\t\t<div class=\"elementor-element elementor-element-5eb1e5c elementor-widget elementor-widget-button\" data-id=\"5eb1e5c\" data-element_type=\"widget\" data-e-type=\"widget\" data-widget_type=\"button.default\">\n\t\t\t\t\t\t\t\t\t\t<a class=\"elementor-button elementor-button-link elementor-size-sm\" href=\"https:\/\/www.adler-montafon.com\/en\/hotel\/hotel-reviews\/\">\n\t\t\t\t\t\t<span class=\"elementor-button-content-wrapper\">\n\t\t\t\t\t\t\t\t\t<span class=\"elementor-button-text\">Read more hotel reviews<\/span>\n\t\t\t\t\t<\/span>\n\t\t\t\t\t<\/a>\n\t\t\t\t\t\t\t\t<\/div>\n\t\t\t\t\t<\/div>\n\t\t\t\t<\/div>\n\t\t\t\t<\/div>\n\t\t","protected":false},"excerpt":{"rendered":"<p>Wellness hotel in Montafon Enjoy a quiet break in our Relax &amp; Vitalhotel Adler, where hospitality and personal service await you. What awaits you with us in Montafon? Relaxation and renewal for body, mind and soul We have designed our &#8220;Montawell&#8221; wellness area and the &#8220;Montabell&#8221; Beauty Zone with a great deal of imagination and [&hellip;]<\/p>\n","protected":false},"author":1,"featured_media":1882,"parent":0,"menu_order":0,"comment_status":"closed","ping_status":"closed","template":"","meta":{"footnotes":""},"class_list":["post-1876","page","type-page","status-publish","has-post-thumbnail","hentry"],"_links":{"self":[{"href":"https:\/\/www.adler-montafon.com\/en\/wp-json\/wp\/v2\/pages\/1876","targetHints":{"allow":["GET"]}}],"collection":[{"href":"https:\/\/www.adler-montafon.com\/en\/wp-json\/wp\/v2\/pages"}],"about":[{"href":"https:\/\/www.adler-montafon.com\/en\/wp-json\/wp\/v2\/types\/page"}],"author":[{"embeddable":true,"href":"https:\/\/www.adler-montafon.com\/en\/wp-json\/wp\/v2\/users\/1"}],"replies":[{"embeddable":true,"href":"https:\/\/www.adler-montafon.com\/en\/wp-json\/wp\/v2\/comments?post=1876"}],"version-history":[{"count":0,"href":"https:\/\/www.adler-montafon.com\/en\/wp-json\/wp\/v2\/pages\/1876\/revisions"}],"wp:featuredmedia":[{"embeddable":true,"href":"https:\/\/www.adler-montafon.com\/en\/wp-json\/wp\/v2\/media\/1882"}],"wp:attachment":[{"href":"https:\/\/www.adler-montafon.com\/en\/wp-json\/wp\/v2\/media?parent=1876"}],"curies":[{"name":"wp","href":"https:\/\/api.w.org\/{rel}","templated":true}]}}